{"id":204,"date":"2016-11-15T16:05:38","date_gmt":"2016-11-15T16:05:38","guid":{"rendered":"https:\/\/www.fotomundocolor.com\/web1\/?page_id=204"},"modified":"2019-03-21T12:31:22","modified_gmt":"2019-03-21T12:31:22","slug":"politica-de-proteccion-de-datos","status":"publish","type":"page","link":"https:\/\/www.fotomundocolor.com\/web1\/politica-de-proteccion-de-datos\/","title":{"rendered":"Pol\u00edtica de protecci\u00f3n de datos"},"content":{"rendered":"<p>[et_pb_section bb_built=\u00bb1&#8243; admin_label=\u00bbsection\u00bb][et_pb_row admin_label=\u00bbrow\u00bb background_position=\u00bbtop_left\u00bb background_repeat=\u00bbrepeat\u00bb background_size=\u00bbinitial\u00bb][et_pb_column type=\u00bb4_4&#8243;][et_pb_text admin_label=\u00bbText\u00bb background_layout=\u00bblight\u00bb use_border_color=\u00bboff\u00bb custom_css_main_element=\u00bbtr:hover{background-color:#f5f5f5}\u00bb background_position=\u00bbtop_left\u00bb background_repeat=\u00bbrepeat\u00bb background_size=\u00bbinitial\u00bb _builder_version=\u00bb3.0.106&#8243;]<\/p>\n<h3 style=\"text-align: center;\">POL\u00cdTICA DE PRIVACIDAD ADAPTADA A REGLAMENTO EUROPEO DE LOPD<\/h3>\n<table style=\"height: 366px;\" width=\"599\">\n<tbody>\n<tr>\n<td style=\"text-align: center;\"><strong>Responsable<\/strong><\/td>\n<td style=\"text-align: center;\">FOTO MUNDO COLOR S.L.L.<\/td>\n<\/tr>\n<tr>\n<td style=\"text-align: center;\"><strong>Finalidad<\/strong><\/td>\n<td style=\"text-align: center;\">Atenci\u00f3n de solicitudes relacionadas con la prestaci\u00f3n de<br \/>\nservicios y cumplimiento de obligaciones contractuales y<br \/>\nprecontractuales.<\/td>\n<\/tr>\n<tr>\n<td style=\"text-align: center;\"><strong>Legitimaci\u00f3n<\/strong><\/td>\n<td style=\"text-align: center;\">Consentimiento del interesado<\/td>\n<\/tr>\n<tr>\n<td style=\"text-align: center;\"><strong>Destinatarios<\/strong><\/td>\n<td style=\"text-align: center;\">Otras empresas espa\u00f1olas afiliadas a la red de Entidades<br \/>\nColaboradoras de FOTO MUNDO COLOR S.L.L.<br \/>\nAdministraciones y organismos p\u00fablicos para el<br \/>\ncumplimiento de obligaciones directamente exigibles a<br \/>\nFOTO MUNDO COLOR S.L.L.<\/td>\n<\/tr>\n<tr>\n<td style=\"text-align: center;\"><strong>Derechos<\/strong><\/td>\n<td style=\"text-align: center;\">Acceder, Rectificar y Suprimir los Datos, as\u00ed como otros<br \/>\nderechos, como se explica en la Informaci\u00f3n Adicional<\/td>\n<\/tr>\n<tr>\n<td style=\"text-align: center;\"><strong>Informaci\u00f3n adicional<\/strong><\/td>\n<td style=\"text-align: center;\">Consulte la Informaci\u00f3n Adicional y detallada sobre<br \/>\nProtecci\u00f3n de Datos.<\/td>\n<\/tr>\n<\/tbody>\n<\/table>\n<h4 style=\"text-align: center;\"><\/h4>\n<p>[\/et_pb_text][et_pb_text _builder_version=\u00bb3.0.106&#8243; background_layout=\u00bblight\u00bb]<\/p>\n<h4>INFORMACI\u00d3N ADICIONAL<\/h4>\n<p>FOTO MUNDO COLOR S.L.L. en su compromiso con la Protecci\u00f3n de los Datos Personales de sus clientes, y como m\u00e1ximo<br \/>\ngarante de la privacidad de los mismos, ha realizado una revisi\u00f3n de todos sus procesos de negocio y especialmente de aquellos<br \/>\nque implican un tratamiento de datos personales, adecu\u00e1ndolos a las nuevas exigencias de la normativa comunitaria, Reglamento<br \/>\nGeneral de Protecci\u00f3n de Datos (RGPD), implementado las medidas de seguridad adecuadas atendiendo a los resultados<br \/>\nobtenidos del an\u00e1lisis de riesgos realizado y ha actualizado sus pol\u00edticas de privacidad y en consecuencia el presente Aviso<br \/>\nLegal.<br \/>\nEl Usuario y\/o Cliente garantiza que los datos aportados son verdaderos, exactos, completos y actualizados, siendo responsable<br \/>\nde cualquier da\u00f1o o perjuicio, directo o indirecto, que pudiera ocasionarse como consecuencia del incumplimiento de tal<br \/>\nobligaci\u00f3n. En el caso de que los datos aportados pertenecieran a un tercero, el Usuario y\/o Cliente, garantiza que ha informado<br \/>\na dicho tercero de los aspectos contenidos en este documento y obtenido su autorizaci\u00f3n para facilitar sus datos a FOTO MUNDO<br \/>\nCOLOR S.L.L. para los fines se\u00f1alados.<br \/>\nEl Portal puede alojar blogs, foros, y otras aplicaciones o servicios de redes sociales con la finalidad de facilitar el intercambio de<br \/>\nconocimiento y contenido. Cualquier informaci\u00f3n personal que se facilite por el usuario puede ser compartida con otros usuarios<br \/>\nde ese servicio, sobre los cuales FOTO MUNDO COLOR S.L.L. no tiene control alguno.<br \/>\nA efectos de seguridad t\u00e9cnica y diagn\u00f3stico de sistemas, de forma anonimizada o pseudonimizada, FOTO MUNDO COLOR<br \/>\nS.L.L. podr\u00e1 registrar la direcci\u00f3n IP (n\u00famero de identificaci\u00f3n del acceso a Internet del dispositivo, que permite a los dispositivos,<br \/>\nsistemas y servidores reconocerse y comunicarse entre s\u00ed). Dicha informaci\u00f3n podr\u00e1 ser tambi\u00e9n empleada con finalidades<br \/>\nanal\u00edticas de rendimiento web.<br \/>\nDe conformidad con lo dispuesto en la normativa aplicable de protecci\u00f3n de datos de car\u00e1cter personal, el Usuario y\/ o Cliente<br \/>\nde FOTO MUNDO COLOR S.L.L. queda informado de lo siguiente:<\/p>\n<h4>RESPONSABLE DE TRATAMIENTO<\/h4>\n<p>Son Entidades pertenecientes a FOTO MUNDO COLOR S.L.L., y por tanto Responsables del Tratamiento de los datos facilitados<br \/>\nde forma voluntaria por el usuario, las siguientes:<\/p>\n<ul>\n<li>FOTO MUNDO COLOR S.L.L. CIF: B38978128<\/li>\n<\/ul>\n<h4>FINALIDADES DEL TRATAMIENTO DE DATOS PERSONALES<\/h4>\n<p>Los datos personales aportados de forma voluntaria por el usuario, bien sea a trav\u00e9s de la cumplimentaci\u00f3n de formularios -en<br \/>\nsoporte papel o electr\u00f3nico-, bien sea a trav\u00e9s de comunicaciones por e-mail, o contacto telef\u00f3nico, ser\u00e1n incorporados a registros<br \/>\nde tratamiento titularidad de FOTO MUNDO COLOR S.L.L. o de las Sociedades que componen el Grupo FOTO MUNDO COLOR<br \/>\nS.L.L. con las siguientes finalidades:<\/p>\n<ul>\n<li>La tramitaci\u00f3n y gesti\u00f3n de la solicitud de informaci\u00f3n y\/o asesoramiento, precontrato o contrato realizada por el Usuario y\/o Cliente a trav\u00e9s de este sitio, el tel\u00e9fono, el correo electr\u00f3nico.<\/li>\n<li>La gesti\u00f3n y control de los servicios ofrecidos a trav\u00e9s de la p\u00e1gina Web, el tel\u00e9fono o el correo electr\u00f3nico, relacionados con el asesoramiento y la prestaci\u00f3n de servicios que pudieran requerir su derivaci\u00f3n a profesionales de \u00e1mbito de la asistencia jur\u00eddica, sanitaria y en materia de seguros.<\/li>\n<li>El env\u00edo de informaci\u00f3n sobre servicios y productos de FOTO MUNDO COLOR S.L.L. y del Grupo de filiales, cuya contrataci\u00f3n pudiera ser del inter\u00e9s del usuario.<\/li>\n<li>Proporcionar apoyo legal a colectivos desfavorecidos, a trav\u00e9s de la realizaci\u00f3n de actividades relacionadas con formaci\u00f3n, sensibilizaci\u00f3n, concienciaci\u00f3n y desarrollo de programas y proyectos de emprendimiento espec\u00edfico.<\/li>\n<li>Gestionar los Usuarios del Sitio Web y, en su caso, la activaci\u00f3n y administraci\u00f3n del alta como Usuario en el \u00e1rea reservada del Sitio Web.<\/li>\n<li>Prestar los servicios incluidos en el Sitio Web y\/o facilitar la informaci\u00f3n solicitada, ya sea v\u00eda web, por correo electr\u00f3nico o telef\u00f3nicamente. Las llamadas telef\u00f3nicas podr\u00e1n ser grabadas con la finalidad de garantizar la calidad del servicio. Los correos electr\u00f3nicos podr\u00e1n reportar una confirmaci\u00f3n de su recepci\u00f3n y lectura.<\/li>\n<li>Gestionar la relaci\u00f3n contractual o comercial establecida entre FOTO MUNDO COLOR S.L.L. y los Usuarios y\/o Clientes.<\/li>\n<li>Gestionar el cumplimiento de las obligaciones contractuales o extracontractuales asumidas por FOTO MUNDO COLOR S.L.L.<\/li>\n<li>Gestionar y mantener un registro \u00fanico de Clientes de las sociedades del Grupo FOTO MUNDO COLOR S.L.L., en el sistema promocional de FOTO MUNDO COLOR S.L.L.<\/li>\n<li>Ofrecer al Usuario productos y servicios o contenidos personalizados mediante la obtenci\u00f3n de perfiles y labores de segmentaci\u00f3n o CRM, ampliando, mejorando aquellos con los que el Cliente cuente actualmente.<\/li>\n<li>En aquellos casos en que el Usuario expresamente lo consienta, remitir comunicaciones publicitarias e informaci\u00f3n comercial, por diferentes medios (correos electr\u00f3nicos, SMS, ticket de compra&#8230;), acerca de FOTO MUNDO COLOR S.L.L., de entidades del Grupo FOTO MUNDO COLOR S.L.L. o de terceros (siempre a trav\u00e9s de la propia FOTO MUNDO COLOR S.L.L., como consecuencia de sus convenios de colaboraci\u00f3n con los mismos), sobre sus actividades, productos, servicios, ofertas, concursos, promociones especiales, as\u00ed como documentaci\u00f3n de diversa naturaleza que pueda resultar de inter\u00e9s o utilidad al Usuario y\/o Cliente, relacionados con los sectores de transporte, ocio, viajes, cultura, tarjetas y medios de pago, automoci\u00f3n, seguros, financiaci\u00f3n, regalos, o tecnolog\u00eda.<\/li>\n<\/ul>\n<p>Igualmente, en cada proceso donde el usuario facilite sus datos personales ser\u00e1 informado del car\u00e1cter obligatorio o facultativo de su cumplimentaci\u00f3n, y de las consecuencias de no suministrarlos.<\/p>\n<h4>INFORMACI\u00d3N ACERCA DEL TRATAMIENTO DE DATOS PARA ENV\u00cdO DE COMUNICACIONES<\/h4>\n<p>Los datos empleados, o facilitados, en las comunicaciones informativas y\/o promocionales son tratados por FOTO MUNDO COLOR S.L.L. para finalidades consistentes en el env\u00edo de comunicaciones electr\u00f3nicas de naturaleza informativa sobre servicios, actividades, publicaciones, celebraciones, felicitaciones y acontecimientos sociales y profesionales de FOTO MUNDO COLOR S.L.L. o de terceros de la red de firmas FOTO MUNDO COLOR S.L.L. del sector, asesor\u00eda y seguros que pudieran resultar de inter\u00e9s del Usuario y\/o Cliente; el seguimiento y optimizaci\u00f3n de las campa\u00f1as de marketing realizadas mediante tecnolog\u00edas al efecto.<br \/>\nEl consentimiento para el env\u00edo de dichas comunicaciones podr\u00e1 ser revocado en todo momento en cada una de las comunicaciones recibidas mediante el mecanismo habilitado al efecto.<br \/>\nEl criterio de conservaci\u00f3n de los datos tendr\u00e1 base en la manifestaci\u00f3n contraria al tratamiento por su parte. En todo caso, podr\u00e1n ejercitarse los derechos de acceso, rectificaci\u00f3n o supresi\u00f3n, limitaci\u00f3n de su tratamiento, oposici\u00f3n y portabilidad mediante correo electr\u00f3nico a pedidos@fotomundocolor.com adjuntando fotocopia del DNI o documento equivalente.<\/p>\n<h4>DATOS PERSONALES DE TERCEROS<\/h4>\n<p>En el caso de que los datos personales aportados por persona distinta del usuario o titular de los datos que act\u00fae en calidad de representante de \u00e9ste, dicho representante garantiza que ha informado al titular de los datos que facilita de esta Pol\u00edtica de Privacidad y ha obtenido su autorizaci\u00f3n para facilitar sus datos a FOTO MUNDO COLOR S.L.L. con las finalidades se\u00f1aladas. Igualmente garantiza que los datos aportados son exactos y actualizados, siendo responsable de cualquier da\u00f1o o perjuicio,<br \/>\ndirecto o indirecto, que pudiera ocasionarse como consecuencia del incumplimiento de tal obligaci\u00f3n.<\/p>\n<h4>PLAZO DE CONSERVACI\u00d3N DE LOS DATOS PERSONALES<\/h4>\n<p>Los datos personales proporcionados se conservar\u00e1n mientras que se mantenga la relaci\u00f3n contractual, no se solicite su supresi\u00f3n por el interesado y no deban eliminarse por ser necesarios para el cumplimiento de una obligaci\u00f3n legal, para la formulaci\u00f3n, ejercicio y defensa de reclamaciones, o cuando se requiera su conservaci\u00f3n para posibilitar la aplicaci\u00f3n de alg\u00fan beneficio, descuento o ventaja promocional para el cliente.<br \/>\nEn caso de que el usuario que su consentimiento al tratamiento de sus datos o ejercite los derechos de cancelaci\u00f3n o supresi\u00f3n, sus datos personales se conservar\u00e1n bloqueados a disposici\u00f3n de la Administraci\u00f3n de Justicia durante los plazos establecidos legalmente para atender a las posibles responsabilidades nacidas del tratamiento de los mismos.<\/p>\n<h4>LEGITIMACI\u00d3N PARA EL TRATAMIENTO DE LOS DATOS PERSONALES<\/h4>\n<p>FOTO MUNDO COLOR S.L.L.se encuentra legitimada para llevar a cabo el tratamiento de los datos personales en base a que:<\/p>\n<ul>\n<li>El Usuario y\/o Cliente ha prestado su consentimiento expl\u00edcito para las finalidades descritas en el apartado 2 de la presente Pol\u00edtica que requieran el tratamiento de datos del Usuario y\/o Cliente que revelen el origen \u00e9tnico o racial, las opiniones pol\u00edticas, las convicciones religiosas o filos\u00f3ficas, la afiliaci\u00f3n sindical, datos gen\u00e9ticos, datos biom\u00e9tricos dirigidos a identificar de manera un\u00edvoca a una persona f\u00edsica, datos relativos a la salud, infracciones penales o datos relativos a la vida u orientaci\u00f3n sexual.<\/li>\n<li>El Usuario y\/o Cliente ha aportado sus datos personales en el marco de una relaci\u00f3n contractual o precontractual para la atenci\u00f3n de su solicitud de informaci\u00f3n y\/o asesoramiento en el \u00e1mbito de la asistencia jur\u00eddica, sanitaria y de seguros.<\/li>\n<li>El Usuario y\/o Cliente ha prestado su consentimiento informado para el env\u00edo de comunicaciones comerciales relacionadas con productos y\/o servicios de FOTO MUNDO COLOR S.L.L. que pudieran ser de inter\u00e9s del Usuario y\/o Cliente, para la instalaci\u00f3n de sistemas de seguimiento que informan sobre h\u00e1bitos de navegaci\u00f3n seg\u00fan la Pol\u00edtica de Cookies, o para el env\u00edo de informaci\u00f3n requerida a trav\u00e9s de formularios de contacto.<\/li>\n<\/ul>\n<p>Existen obligaciones legales que requieren del tratamiento de los datos personales, de acuerdo con los servicios prestados.<br \/>\nLa base legal para el tratamiento de los datos personales de los Usuarios y\/o Clientes por parte de FOTO MUNDO COLOR S.L.L., reside en las letras a), b) y c) del n\u00famero 1 del art\u00edculo 6 del Reglamento (UE) 2016\/679, de 27 de abril.<\/p>\n<h4>CATEGOR\u00cdAS DE DESTINATARIOS<\/h4>\n<p>Los datos personales de Usuarios y\/o Clientes de FOTO MUNDO COLOR S.L.L .podr\u00e1n ser comunicados a las siguientes categor\u00edas de interesados:<\/p>\n<ul>\n<li>Gestor\u00edas con los que las Sociedades del Grupo FOTO MUNDO COLOR S.L.L .tengan acuerdos de colaboraci\u00f3n para posibilitar la ejecuci\u00f3n y el correcto cumplimiento del contrato.<\/li>\n<li>Entidades Aseguradoras con las que las Sociedades del Grupo FOTO MUNDO COLOR S.L.L. tengan acuerdos de colaboraci\u00f3n para posibilitar la ejecuci\u00f3n y el correcto cumplimiento del contrato de seguros.<\/li>\n<li>Las Sociedades del Grupo FOTO MUNDO COLOR S.L.L.<\/li>\n<li>Los proveedores de servicios inform\u00e1ticos, incluso servicios de \u201ccomputaci\u00f3n en la nube\u201d.<\/li>\n<li>Las Administraciones y Organismos P\u00fablicos, para el cumplimiento de obligaciones directamente exigibles a FOTO MUNDO COLOR S.L.L. y\/o cuando exista la habilitaci\u00f3n legal correspondiente.<\/li>\n<\/ul>\n<h4>TRANSFERENCIAS INTERNACIONALES<\/h4>\n<p>En la actualidad FOTO MUNDO COLOR S.L.L. puede realizar transferencias internacionales de datos.<\/p>\n<h4>DERECHOS DE LOS INTERESADOS<\/h4>\n<p>El Usuario y\/o Cliente podr\u00e1 ejercitar ante FOTO MUNDO COLOR S.L.L. los derechos de acceso, rectificaci\u00f3n o supresi\u00f3n, limitaci\u00f3n de su tratamiento, oposici\u00f3n, portabilidad, y a oponerse a decisiones individuales automatizadas. Asimismo, podr\u00e1n revocar su consentimiento en caso de que lo hayan otorgado para alguna finalidad espec\u00edfica, pudiendo modificar sus preferencias en todo momento.<br \/>\nEl Usuario y\/o Cliente podr\u00e1 ejercitar cualquiera de los derechos informados en el p\u00e1rrafo anterior, mediante el env\u00edo de un correo electr\u00f3nico indicando el derecho que ejercita dirigido a FOTO MUNDO COLOR S.L.L. direcci\u00f3n: pedidos@fotomundocolor.com o bien mediante el env\u00edo de una carta firmada dirigida a FOTO MUNDO COLOR S.L.L., Avenida El Paso 28, 38108 Santa cruz de Tenerife, adjuntando en ambos casos una copia del DNI, N.I.E o pasaporte y la documentaci\u00f3n que, en su caso, fundamente la petici\u00f3n.<br \/>\nSe informa al Usuario y\/o Cliente que puede dirigir cualquier tipo de reclamaci\u00f3n en materia de protecci\u00f3n de datos personales a la Agencia Espa\u00f1ola de Protecci\u00f3n de Datos www.agpd.es, Autoridad de Control del Estado espa\u00f1ol.<\/p>\n<h4>ACTUALIZACI\u00d3N DE LA POL\u00cdTICA<\/h4>\n<p>La presente pol\u00edtica ha sido actualizada conforme a las exigencias de la normativa comunitaria de Protecci\u00f3n de Datos Personales, el Reglamento General de Protecci\u00f3n de Datos (RGPD).<br \/>\nAsimismo, se informa que la presente pol\u00edtica podr\u00e1 ser modificada por causa de cambios en los requisitos establecidos por la legislaci\u00f3n vigente en cada momento, por decisiones judiciales y cambios jurisprudenciales, as\u00ed como por cambios en la actuaci\u00f3n y estrategia empresarial de FOTO MUNDO COLOR S.L.L. y sus filiales. La publicaci\u00f3n, y acceso por parte de los usuarios, ser\u00e1 realizada a trav\u00e9s de este mismo sitio, entendi\u00e9ndose que las relaciones establecidas con los mismos con anterioridad al cambio<br \/>\nse regir\u00e1n por las normas previstas en el momento en que se accedi\u00f3 al sitio Web para su establecimiento.<\/p>\n<p>[\/et_pb_text][\/et_pb_column][\/et_pb_row][\/et_pb_section]<\/p>\n","protected":false},"excerpt":{"rendered":"<p>[et_pb_section bb_built=\u00bb1&#8243; admin_label=\u00bbsection\u00bb][et_pb_row admin_label=\u00bbrow\u00bb background_position=\u00bbtop_left\u00bb background_repeat=\u00bbrepeat\u00bb background_size=\u00bbinitial\u00bb][et_pb_column type=\u00bb4_4&#8243;][et_pb_text admin_label=\u00bbText\u00bb background_layout=\u00bblight\u00bb use_border_color=\u00bboff\u00bb custom_css_main_element=\u00bbtr:hover{background-color:#f5f5f5}\u00bb background_position=\u00bbtop_left\u00bb background_repeat=\u00bbrepeat\u00bb background_size=\u00bbinitial\u00bb _builder_version=\u00bb3.0.106&#8243;] POL\u00cdTICA DE PRIVACIDAD ADAPTADA A REGLAMENTO EUROPEO DE LOPD Responsable FOTO MUNDO COLOR S.L.L. Finalidad Atenci\u00f3n de solicitudes relacionadas con la prestaci\u00f3n de servicios y cumplimiento de obligaciones contractuales y precontractuales. Legitimaci\u00f3n Consentimiento del interesado Destinatarios Otras empresas espa\u00f1olas [&hellip;]<\/p>\n","protected":false},"author":1,"featured_media":0,"parent":0,"menu_order":0,"comment_status":"closed","ping_status":"closed","template":"","meta":{"_et_pb_use_builder":"on","_et_pb_old_content":"<p>En cumplimiento con lo dispuesto en la Ley Org\u00e1nica 15\/1999, de 13 de diciembre, de Protecci\u00f3n de Datos de Car\u00e1cter Personal (\u201cLOPD\u201d), te informamos de que los datos personales e informaci\u00f3n que incorpores al formulario electr\u00f3nico habilitado al efecto y toda la documentaci\u00f3n que nos remitas en formato electr\u00f3nico o en papel (\u201cDatos\u201d), ser\u00e1n incorporados en un fichero de datos de car\u00e1cter personal titularidad de Foto Mundo Color, s.l.. La finalidad del tratamiento de tus Datos es dar curso a tu solicitud de contacto o de petici\u00f3n de servicios.\u00a0Los datos no ser\u00e1n cedidos a terceros.<\/p><p>Las preguntas incluidas en el formulario son de car\u00e1cter voluntario, salvo aquellas marcadas como \u201crequerido\u201d que son obligatorias. En el caso de no contestar a las preguntas obligatorias, nos reservamos\u00a0el derecho de no tramitar solicitudes incompletas.<br \/>La cumplimentaci\u00f3n de los campos de direcci\u00f3n de correo electr\u00f3nico y tel\u00e9fono implica tu consentimiento expreso para recibir comunicaciones, v\u00eda correo electr\u00f3nico o sms con las finalidades antes descritas.<\/p><p>Podr\u00e1s ejercitar tus derechos de acceso, rectificaci\u00f3n, oposici\u00f3n y cancelaci\u00f3n en Foto Mundo Color, s.l., Avda. El Paso, 27, 38108, San Cristobal de La Laguna, Santa Cruz de Tenerife, (Espa\u00f1a).<\/p>","_et_gb_content_width":""},"_links":{"self":[{"href":"https:\/\/www.fotomundocolor.com\/web1\/wp-json\/wp\/v2\/pages\/204"}],"collection":[{"href":"https:\/\/www.fotomundocolor.com\/web1\/wp-json\/wp\/v2\/pages"}],"about":[{"href":"https:\/\/www.fotomundocolor.com\/web1\/wp-json\/wp\/v2\/types\/page"}],"author":[{"embeddable":true,"href":"https:\/\/www.fotomundocolor.com\/web1\/wp-json\/wp\/v2\/users\/1"}],"replies":[{"embeddable":true,"href":"https:\/\/www.fotomundocolor.com\/web1\/wp-json\/wp\/v2\/comments?post=204"}],"version-history":[{"count":5,"href":"https:\/\/www.fotomundocolor.com\/web1\/wp-json\/wp\/v2\/pages\/204\/revisions"}],"predecessor-version":[{"id":2054,"href":"https:\/\/www.fotomundocolor.com\/web1\/wp-json\/wp\/v2\/pages\/204\/revisions\/2054"}],"wp:attachment":[{"href":"https:\/\/www.fotomundocolor.com\/web1\/wp-json\/wp\/v2\/media?parent=204"}],"curies":[{"name":"wp","href":"https:\/\/api.w.org\/{rel}","templated":true}]}}