{"id":83,"date":"2016-11-02T15:02:18","date_gmt":"2016-11-02T15:02:18","guid":{"rendered":"https:\/\/www.fotomundocolor.com\/web1\/tienda\/"},"modified":"2019-12-03T16:09:00","modified_gmt":"2019-12-03T16:09:00","slug":"tienda","status":"publish","type":"page","link":"https:\/\/www.fotomundocolor.com\/web1\/tienda\/","title":{"rendered":"Tienda"},"content":{"rendered":"<p>[et_pb_section bb_built=\u00bb1&#8243; fullwidth=\u00bbon\u00bb specialty=\u00bboff\u00bb _builder_version=\u00bb3.0.89&#8243; next_background_color=\u00bb#000000&#8243;][et_pb_fullwidth_slider admin_label=\u00bbFullwidth Slider\u00bb show_arrows=\u00bboff\u00bb show_pagination=\u00bboff\u00bb parallax=\u00bbon\u00bb _builder_version=\u00bb3.0.89&#8243; remove_inner_shadow=\u00bboff\u00bb custom_button=\u00bboff\u00bb button_icon_placement=\u00bbright\u00bb hide_content_on_mobile=\u00bboff\u00bb hide_cta_on_mobile=\u00bboff\u00bb show_image_video_mobile=\u00bboff\u00bb body_font_size=\u00bb18&#8243; show_inner_shadow=\u00bbon\u00bb show_content_on_mobile=\u00bbon\u00bb show_cta_on_mobile=\u00bbon\u00bb custom_padding=\u00bb|||\u00bb custom_css_main_element=\u00bb.et_pb_fullwidth_slider_0.et_pb_slider {|| position: relative;|| z-index: 2;|| width: 50%;|| max-width: 1080px;|| margin: 0 auto;||}\u00bb auto=\u00bbon\u00bb module_class=\u00bbslider-principal\u00bb background_color=\u00bb#afafaf\u00bb background_image=\u00bbhttps:\/\/www.fotomundocolor.com\/web1\/wp-content\/uploads\/2017\/12\/fondoslider.jpg\u00bb box_shadow_horizontal=\u00bb0px\u00bb box_shadow_vertical=\u00bb0px\u00bb box_shadow_blur=\u00bb10px\u00bb box_shadow_spread=\u00bb0px\u00bb box_shadow_position=\u00bbinner\u00bb box_shadow_color=\u00bbrgba(0,0,0,0.1)\u00bb box_shadow_style=\u00bbpreset6&#8243;][et_pb_slide heading=\u00bbFoto Decoraci\u00f3n\u00bb image=\u00bbhttps:\/\/www.fotomundocolor.com\/web1\/wp-content\/uploads\/2017\/03\/salon-fotolienzo-teide_800.jpg\u00bb background_color=\u00bb#e8e8e8&#8243; use_background_color_gradient=\u00bboff\u00bb background_color_gradient_start=\u00bb#efe92f\u00bb background_color_gradient_end=\u00bb#3030e8&#8243; background_color_gradient_type=\u00bblinear\u00bb background_color_gradient_direction=\u00bb220deg\u00bb background_color_gradient_direction_radial=\u00bbcenter\u00bb background_color_gradient_start_position=\u00bb7%\u00bb background_color_gradient_end_position=\u00bb100%\u00bb parallax=\u00bboff\u00bb parallax_method=\u00bboff\u00bb background_position=\u00bbcenter\u00bb background_size=\u00bbcover\u00bb background_repeat=\u00bbno-repeat\u00bb background_blend=\u00bbnormal\u00bb allow_player_pause=\u00bboff\u00bb use_bg_overlay=\u00bboff\u00bb use_text_overlay=\u00bboff\u00bb text_border_radius=\u00bb3&#8243; alignment=\u00bbcenter\u00bb background_layout=\u00bbdark\u00bb header_font_select=\u00bbdefault\u00bb header_font=\u00bb||||\u00bb body_font_select=\u00bbdefault\u00bb body_font=\u00bb||||\u00bb custom_button=\u00bboff\u00bb button_font_select=\u00bbdefault\u00bb button_font=\u00bb||||\u00bb button_use_icon=\u00bbdefault\u00bb button_icon_placement=\u00bbright\u00bb button_on_hover=\u00bbon\u00bb button_link=\u00bbhttps:\/\/www.fotomundocolor.com\/web1\/foto-decoracion\/\u00bb admin_title=\u00bbFoto decoracion\u00bb]<\/p>\n<p>Imprime tu foto favorita en formatos grandes para decorar y crear dise\u00f1os \u00fanicos en tus espacios.<\/p>\n<p>[\/et_pb_slide][et_pb_slide heading=\u00bbCalendarios\u00bb image=\u00bbhttps:\/\/www.fotomundocolor.com\/web1\/wp-content\/uploads\/2017\/09\/imagenes-calendarios.jpg\u00bb background_color=\u00bb#e8e8e8&#8243; use_background_color_gradient=\u00bboff\u00bb background_color_gradient_start=\u00bb#efe92f\u00bb background_color_gradient_end=\u00bb#3030e8&#8243; background_color_gradient_type=\u00bblinear\u00bb background_color_gradient_direction=\u00bb220deg\u00bb background_color_gradient_direction_radial=\u00bbcenter\u00bb background_color_gradient_start_position=\u00bb7%\u00bb background_color_gradient_end_position=\u00bb100%\u00bb parallax=\u00bboff\u00bb parallax_method=\u00bboff\u00bb background_position=\u00bbcenter\u00bb background_size=\u00bbcover\u00bb background_repeat=\u00bbno-repeat\u00bb background_blend=\u00bbnormal\u00bb allow_player_pause=\u00bboff\u00bb use_bg_overlay=\u00bboff\u00bb use_text_overlay=\u00bboff\u00bb text_border_radius=\u00bb3&#8243; alignment=\u00bbcenter\u00bb background_layout=\u00bbdark\u00bb header_font_select=\u00bbdefault\u00bb header_font=\u00bb||||\u00bb body_font_select=\u00bbdefault\u00bb body_font=\u00bb||||\u00bb custom_button=\u00bboff\u00bb button_font_select=\u00bbdefault\u00bb button_font=\u00bb||||\u00bb button_use_icon=\u00bbdefault\u00bb button_icon_placement=\u00bbright\u00bb button_on_hover=\u00bbon\u00bb button_link=\u00bbhttps:\/\/www.fotomundocolor.com\/web1\/calendarios\/\u00bb admin_title=\u00bbCalendarios\u00bb]<\/p>\n<p>Nuestros calendarios de pared, sobremesa, bolsillo o con faldilla permiten ser personalizados con im\u00e1genes y texto. Elija entre calidad fotogr\u00e1fica o de imprenta y disfrute durante todo el a\u00f1o de sus mejores im\u00e1genes y recuerdos.<\/p>\n<p>[\/et_pb_slide][\/et_pb_fullwidth_slider][\/et_pb_section][et_pb_section bb_built=\u00bb1&#8243; fullwidth=\u00bboff\u00bb specialty=\u00bbon\u00bb prev_background_color=\u00bb#000000&#8243;][et_pb_column type=\u00bb3_4&#8243; specialty_columns=\u00bb3&#8243;][et_pb_row_inner _builder_version=\u00bb3.0.89&#8243;][et_pb_column_inner type=\u00bb4_4&#8243; saved_specialty_column_type=\u00bb3_4&#8243;][et_pb_shop admin_label=\u00bbShop\u00bb type=\u00bbbest_selling\u00bb posts_number=\u00bb6&#8243; columns=\u00bb3&#8243; orderby=\u00bbmenu_order\u00bb _builder_version=\u00bb3.0.106&#8243; columns_number=\u00bb0&#8243; \/][\/et_pb_column_inner][\/et_pb_row_inner][\/et_pb_column][et_pb_column type=\u00bb1_4&#8243;][et_pb_sidebar admin_label=\u00bbSidebar\u00bb orientation=\u00bbright\u00bb background_layout=\u00bblight\u00bb _builder_version=\u00bb3.0.63&#8243; area=\u00bbsidebar-1&#8243; \/][\/et_pb_column][\/et_pb_section]<\/p>\n","protected":false},"excerpt":{"rendered":"<p>[et_pb_section bb_built=\u00bb1&#8243; fullwidth=\u00bbon\u00bb specialty=\u00bboff\u00bb _builder_version=\u00bb3.0.89&#8243; next_background_color=\u00bb#000000&#8243;][et_pb_fullwidth_slider admin_label=\u00bbFullwidth Slider\u00bb show_arrows=\u00bboff\u00bb show_pagination=\u00bboff\u00bb parallax=\u00bbon\u00bb _builder_version=\u00bb3.0.89&#8243; remove_inner_shadow=\u00bboff\u00bb custom_button=\u00bboff\u00bb button_icon_placement=\u00bbright\u00bb hide_content_on_mobile=\u00bboff\u00bb hide_cta_on_mobile=\u00bboff\u00bb show_image_video_mobile=\u00bboff\u00bb body_font_size=\u00bb18&#8243; show_inner_shadow=\u00bbon\u00bb show_content_on_mobile=\u00bbon\u00bb show_cta_on_mobile=\u00bbon\u00bb custom_padding=\u00bb|||\u00bb custom_css_main_element=\u00bb.et_pb_fullwidth_slider_0.et_pb_slider {|| position: relative;|| z-index: 2;|| width: 50%;|| max-width: 1080px;|| margin: 0 auto;||}\u00bb auto=\u00bbon\u00bb module_class=\u00bbslider-principal\u00bb background_color=\u00bb#afafaf\u00bb background_image=\u00bbhttps:\/\/www.fotomundocolor.com\/web1\/wp-content\/uploads\/2017\/12\/fondoslider.jpg\u00bb box_shadow_horizontal=\u00bb0px\u00bb box_shadow_vertical=\u00bb0px\u00bb box_shadow_blur=\u00bb10px\u00bb box_shadow_spread=\u00bb0px\u00bb box_shadow_position=\u00bbinner\u00bb box_shadow_color=\u00bbrgba(0,0,0,0.1)\u00bb box_shadow_style=\u00bbpreset6&#8243;][et_pb_slide heading=\u00bbFoto Decoraci\u00f3n\u00bb image=\u00bbhttps:\/\/www.fotomundocolor.com\/web1\/wp-content\/uploads\/2017\/03\/salon-fotolienzo-teide_800.jpg\u00bb background_color=\u00bb#e8e8e8&#8243; use_background_color_gradient=\u00bboff\u00bb background_color_gradient_start=\u00bb#efe92f\u00bb background_color_gradient_end=\u00bb#3030e8&#8243; background_color_gradient_type=\u00bblinear\u00bb [&hellip;]<\/p>\n","protected":false},"author":1,"featured_media":0,"parent":0,"menu_order":0,"comment_status":"closed","ping_status":"closed","template":"","meta":{"_et_pb_use_builder":"on","_et_pb_old_content":"","_et_gb_content_width":""},"_links":{"self":[{"href":"https:\/\/www.fotomundocolor.com\/web1\/wp-json\/wp\/v2\/pages\/83"}],"collection":[{"href":"https:\/\/www.fotomundocolor.com\/web1\/wp-json\/wp\/v2\/pages"}],"about":[{"href":"https:\/\/www.fotomundocolor.com\/web1\/wp-json\/wp\/v2\/types\/page"}],"author":[{"embeddable":true,"href":"https:\/\/www.fotomundocolor.com\/web1\/wp-json\/wp\/v2\/users\/1"}],"replies":[{"embeddable":true,"href":"https:\/\/www.fotomundocolor.com\/web1\/wp-json\/wp\/v2\/comments?post=83"}],"version-history":[{"count":4,"href":"https:\/\/www.fotomundocolor.com\/web1\/wp-json\/wp\/v2\/pages\/83\/revisions"}],"predecessor-version":[{"id":2508,"href":"https:\/\/www.fotomundocolor.com\/web1\/wp-json\/wp\/v2\/pages\/83\/revisions\/2508"}],"wp:attachment":[{"href":"https:\/\/www.fotomundocolor.com\/web1\/wp-json\/wp\/v2\/media?parent=83"}],"curies":[{"name":"wp","href":"https:\/\/api.w.org\/{rel}","templated":true}]}}